{"id":1853,"date":"2022-05-25T16:34:58","date_gmt":"2022-05-25T14:34:58","guid":{"rendered":"https:\/\/ramonsantafe.es\/proteccion-de-datos\/"},"modified":"2024-12-11T13:56:12","modified_gmt":"2024-12-11T12:56:12","slug":"proteccion-de-datos","status":"publish","type":"page","link":"https:\/\/ramonsantafe.es\/en\/proteccion-de-datos\/","title":{"rendered":"PROTECCI\u00d3N DE DATOS"},"content":{"rendered":"\n<p><strong>RESPONSABLE <\/strong><\/p>\n\n\n\n<p>GESTOR\u00cdA RAM\u00d3N SANTAF\u00c9, S.L.<\/p>\n\n\n\n<p><strong>FINALIDAD <\/strong><\/p>\n\n\n\n<p>Mantenimiento de la relaci\u00f3n contractual con usted para la prestaci\u00f3n de nuestro servicio de estudio, tramitaci\u00f3n y presentaci\u00f3n de su declaraci\u00f3n de renta ante la AEAT.<\/p>\n\n\n\n<p><strong>LEGITIMACI\u00d3N<\/strong> <\/p>\n\n\n\n<p>Ejecuci\u00f3n de un contrato.<\/p>\n\n\n\n<p><strong>DESTINATARIOS <\/strong><\/p>\n\n\n\n<p>Se ceder\u00e1n los datos a la Agencia Estatal de Administraci\u00f3n Tributaria, Bancos y Cajas y otras Administraciones P\u00fablicas cuando sea necesario para la prestaci\u00f3n del servicio solicitado o cuando exista obligaci\u00f3n legal.<br>Encargados del Tratamiento: *Servicios inform\u00e1ticos.<br>Se realizan transferencias internacionales a:<\/p>\n\n\n\n<ul>\n<li>TYPEFORM S,L., al utilizar su servicio de creaci\u00f3n y alojamiento de formularios de recogida de datos personales.<\/li>\n\n\n\n<li>GOOGLE LLC., al utilizar su servicio de almacenamiento de la informaci\u00f3n en l\u00ednea, GOOGLE DRIVE.<\/li>\n<\/ul>\n\n\n\n<p><strong>DERECHOS<\/strong> <\/p>\n\n\n\n<p>Acceder, rectificar y suprimir los datos, as\u00ed como otros derechos, como se explica en la informaci\u00f3n adicional.<\/p>\n\n\n\n<p><strong>INFORMACI\u00d3N ADICIONAL SOBRE PROTECCI\u00d3N DE DATOS<\/strong><\/p>\n\n\n\n<ol>\n<li>\u00bfQui\u00e9n es el responsable del tratamiento de sus datos?<\/li>\n<\/ol>\n\n\n\n<p>Identidad: GESTOR\u00cdA RAM\u00d3N SANTAF\u00c9, S.L.<br>Direcci\u00f3n postal: AV\/ 9 DE OCTUBRE, 148 BAJO-DCHA, PUERTO DE SAGUNTO (VALENCIA)<br>Tel\u00e9fono: 962628793<br>Correo electr\u00f3nico: rgpd@ramonsantafe.es<br>Delegado en Protecci\u00f3n de Datos: GRUPO ARRECIFE CONSULTORES 2007 S.L<br>Contacto Delegado en Protecci\u00f3n de Datos: 963127867\/ consultoria@grupoarrecife.com<\/p>\n\n\n\n<ol start=\"2\">\n<li>\u00bfCon qu\u00e9 finalidad tratamos sus datos personales?<\/li>\n<\/ol>\n\n\n\n<p>En GESTOR\u00cdA RAM\u00d3N SANTAF\u00c9, S.L. tratamos la informaci\u00f3n que le solicitamos en el presente formulario de recogida de datos con la finalidad de mantener la relaci\u00f3n contractual con usted para la prestaci\u00f3n de nuestro servicio de estudio, tramitaci\u00f3n y presentaci\u00f3n de su declaraci\u00f3n de renta ante la AEAT.<\/p>\n\n\n\n<p>En caso de enviar documentaci\u00f3n adjunta, usted se compromete a facilitar \u00fanicamente los datos estrictamente necesarios para la prestaci\u00f3n del servicio de presentaci\u00f3n de su declaraci\u00f3n de renta ante la AEAT.<\/p>\n\n\n\n<p>No se llevar\u00e1n a cabo decisiones automatizadas, como por ejemplo la elaboraci\u00f3n de perfiles para ofertar servicios o productos. En el caso de que esto tuviera lugar, le informaremos de la l\u00f3gica aplicada, as\u00ed como de la importancia y las consecuencias previstas de dicho tratamiento para usted.<\/p>\n\n\n\n<ol start=\"3\">\n<li>\u00bfPor cu\u00e1nto tiempo conservaremos sus datos?<\/li>\n<\/ol>\n\n\n\n<p>Los datos personales facilitados mediante el formulario de contacto se conservar\u00e1n durante 2 meses en los servidores de TYPEFORM. Una vez transcurrido este tiempo, conservaremos los datos personales facilitados para la prestaci\u00f3n del servicio de presentaci\u00f3n de su declaraci\u00f3n de renta durante el plazo previsto por la legislaci\u00f3n respecto a la prescripci\u00f3n de responsabilidades.<\/p>\n\n\n\n<ol start=\"4\">\n<li>\u00bfCu\u00e1l es la legitimaci\u00f3n para el tratamiento de sus datos?<\/li>\n<\/ol>\n\n\n\n<p>Para prestarle los servicios que nos solicite estamos legitimados por la relaci\u00f3n contractual que mantenemos con usted al solicitar nuestros servicios. Si usted no nos facilita los datos personales que le solicitemos no podremos mantener la relaci\u00f3n contractual con usted.<\/p>\n\n\n\n<ol start=\"5\">\n<li>\u00bfA qu\u00e9 destinatarios se comunicar\u00e1n sus datos?<\/li>\n<\/ol>\n\n\n\n<p>Se ceder\u00e1n los datos a la Agencia Estatal de Administraci\u00f3n Tributaria, Bancos y Cajas y otras Administraciones P\u00fablicas cuando sea necesario para la prestaci\u00f3n del servicio solicitado o cuando exista obligaci\u00f3n legal.<\/p>\n\n\n\n<p>Existen empresas a las que GESTOR\u00cdA RAM\u00d3N SANTAF\u00c9, S.L. no les cedemos datos, pero que nos prestan diferentes servicios, implicando estos servicios el alojamiento de datos de car\u00e1cter personal por parte de dichas empresas o el acceso puntual por su parte a los mismos. Estas empresas que act\u00faan como encargados del tratamiento de los datos y con quienes hemos firmado un contrato para garantizar la seguridad de los datos de car\u00e1cter personal son:<br>*Servicios inform\u00e1ticos: Diferentes empresas nos prestan el servicio de alojamiento de nuestros correos electr\u00f3nicos, el mantenimiento de nuestros equipos inform\u00e1ticos y el servicio de mantenimiento de software, entre otros servicios inform\u00e1ticos.<\/p>\n\n\n\n<p>Se realizan transferencias internacionales a TYPEFORM S,L., ya que nos prestan sus servicios de creaci\u00f3n y alojamiento de los formularios de recogida de datos personales. TYPEFORM S,L es una empresa que opera a nivel mundial que aloja los datos recabados mediante sus formularios en EEUU y otras partes del mundo. Para poder realizar transferencias internacionales de datos a TYPEFORM S,L. con las debidas garant\u00edas, hemos firmado con TYPEFORM S,L. la cl\u00e1usula contractual tipo de la Comisi\u00f3n Europea basada en la Decisi\u00f3n 2021\/914\/UE de la Comisi\u00f3n, de 4 de junio de 2021. Usted puede obtener una copia de la cl\u00e1usula citada solicit\u00e1ndola en el e-mail rgpd@ramonsantafe.es.<\/p>\n\n\n\n<p>Se realizan transferencias internacionales de datos a GOOGLE LLC., al utilizar su servicio de almacenamiento de la informaci\u00f3n en l\u00ednea, GOOGLE DRIVE. Esta empresa opera a nivel mundial y tiene su centro de datos principal en EEUU. Se realiza est\u00e1 transferencia internacional con las debidas garant\u00edas ya que se ha firmado con GOOGLE LLC. la cl\u00e1usula contractual tipo de la Comisi\u00f3n Europea basada en la Decisi\u00f3n 2021\/914\/UE de la Comisi\u00f3n, de 4 de junio de 2021, que permite transferir datos fuera del Espacio Econ\u00f3mico Europeo. Usted puede obtener una copia de la cl\u00e1usula citada solicit\u00e1ndola en el e-mail rgpd@ramonsantafe.es.<\/p>\n\n\n\n<ol start=\"6\">\n<li>\u00bfCu\u00e1les son sus derechos cuando nos facilita sus datos?<\/li>\n<\/ol>\n\n\n\n<ul>\n<li>El interesado tiene derecho a obtener confirmaci\u00f3n sobre si en GESTOR\u00cdA RAM\u00d3N SANTAF\u00c9, S.L. estamos tratando datos personales que le conciernan, o no.<\/li>\n\n\n\n<li>El interesado tiene derecho a acceder a sus datos personales, as\u00ed como a solicitar la rectificaci\u00f3n de los datos inexactos o, en su caso, solicitar su supresi\u00f3n cuando, entre otros motivos, los datos ya no sean necesarios para los fines que fueron recogidos.<\/li>\n\n\n\n<li>El interesado podr\u00e1 solicitar la limitaci\u00f3n del tratamiento de sus datos, en cuyo caso \u00fanicamente los conservaremos para el ejercicio o la defensa de reclamaciones.<\/li>\n\n\n\n<li>Igualmente, en determinadas circunstancias y por motivos relacionados con su situaci\u00f3n particular, los interesados podr\u00e1n oponerse al tratamiento de sus datos, as\u00ed como a retirarnos el consentimiento para el tratamiento de los mismos. GESTOR\u00cdA RAM\u00d3N SANTAF\u00c9, S.L. dejar\u00e1 de tratar los datos, salvo por motivos leg\u00edtimos imperiosos, o el ejercicio o la defensa de posibles reclamaciones.<\/li>\n\n\n\n<li>El interesado tendr\u00e1 derecho a recibir los datos personales que le incumban, que nos haya facilitado, en un formato estructurado, de uso com\u00fan y lectura mec\u00e1nica, y a transmitirlos a otro responsable del tratamiento sin que lo impida el responsable al que se los hubiera facilitado.<\/li>\n<\/ul>\n\n\n\n<p>Para ejercitar estos derechos puede dirigir un escrito con su petici\u00f3n a la siguiente direcci\u00f3n: AV\/ 9 DE OCTUBRE, 148 BAJO-DCHA, PUERTO DE SAGUNTO (VALENCIA) o la siguiente direcci\u00f3n de correo electr\u00f3nico: RGPD@RAMONSANTAFE.ES y nos pondremos en contacto con usted para indicarle los pasos a seguir para ejercer sus derechos en protecci\u00f3n de datos. De igual modo le informamos que puede presentar una reclamaci\u00f3n ante la Agencia Espa\u00f1ola de Protecci\u00f3n de Datos, especialmente si no viera satisfechos el ejercicio de sus derechos.<\/p>\n\n\n\n<p>Datos de contacto de la Agencia Espa\u00f1ola de Protecci\u00f3n de Datos:<br>Direcci\u00f3n: C\/ JORGE JUAN, 6, 28001 (MADRID)<br>Tel\u00e9fonos de contacto: 901 100 099 &#8211; 912 663 517<br>P\u00e1gina web: www.aepd.es<\/p>\n","protected":false},"excerpt":{"rendered":"<p>RESPONSABLE GESTOR\u00cdA RAM\u00d3N SANTAF\u00c9, S.L. FINALIDAD Mantenimiento de la relaci\u00f3n contractual con usted para la prestaci\u00f3n de nuestro servicio de estudio, tramitaci\u00f3n y presentaci\u00f3n de su declaraci\u00f3n de renta ante la AEAT. LEGITIMACI\u00d3N Ejecuci\u00f3n de un contrato. DESTINATARIOS Se ceder\u00e1n los datos a la Agencia Estatal de Administraci\u00f3n Tributaria, Bancos y Cajas y otras Administraciones [&hellip;]<\/p>\n","protected":false},"author":5,"featured_media":0,"parent":0,"menu_order":0,"comment_status":"closed","ping_status":"closed","template":"","meta":[],"yoast_head":"<!-- This site is optimized with the Yoast SEO plugin v20.5 - https:\/\/yoast.com\/wordpress\/plugins\/seo\/ -->\n<title>PROTECCI\u00d3N DE DATOS - Gestor\u00eda Ram\u00f3n Santaf\u00e9 S.L.<\/title>\n<meta name=\"robots\" content=\"index, follow, max-snippet:-1, max-image-preview:large, max-video-preview:-1\" \/>\n<link rel=\"canonical\" href=\"https:\/\/ramonsantafe.es\/en\/proteccion-de-datos\/\" \/>\n<meta property=\"og:locale\" content=\"en_US\" \/>\n<meta property=\"og:type\" content=\"article\" \/>\n<meta property=\"og:title\" content=\"PROTECCI\u00d3N DE DATOS - Gestor\u00eda Ram\u00f3n Santaf\u00e9 S.L.\" \/>\n<meta property=\"og:description\" content=\"RESPONSABLE GESTOR\u00cdA RAM\u00d3N SANTAF\u00c9, S.L. FINALIDAD Mantenimiento de la relaci\u00f3n contractual con usted para la prestaci\u00f3n de nuestro servicio de estudio, tramitaci\u00f3n y presentaci\u00f3n de su declaraci\u00f3n de renta ante la AEAT. LEGITIMACI\u00d3N Ejecuci\u00f3n de un contrato. DESTINATARIOS Se ceder\u00e1n los datos a la Agencia Estatal de Administraci\u00f3n Tributaria, Bancos y Cajas y otras Administraciones [&hellip;]\" \/>\n<meta property=\"og:url\" content=\"https:\/\/ramonsantafe.es\/en\/proteccion-de-datos\/\" \/>\n<meta property=\"og:site_name\" content=\"Gestor\u00eda Ram\u00f3n Santaf\u00e9 S.L.\" \/>\n<meta property=\"article:modified_time\" content=\"2024-12-11T12:56:12+00:00\" \/>\n<meta name=\"twitter:card\" content=\"summary_large_image\" \/>\n<meta name=\"twitter:label1\" content=\"Est. reading time\" \/>\n\t<meta name=\"twitter:data1\" content=\"5 minutes\" \/>\n<script type=\"application\/ld+json\" class=\"yoast-schema-graph\">{\"@context\":\"https:\/\/schema.org\",\"@graph\":[{\"@type\":\"WebPage\",\"@id\":\"https:\/\/ramonsantafe.es\/en\/proteccion-de-datos\/\",\"url\":\"https:\/\/ramonsantafe.es\/en\/proteccion-de-datos\/\",\"name\":\"PROTECCI\u00d3N DE DATOS - Gestor\u00eda Ram\u00f3n Santaf\u00e9 S.L.\",\"isPartOf\":{\"@id\":\"https:\/\/ramonsantafe.es\/#website\"},\"datePublished\":\"2022-05-25T14:34:58+00:00\",\"dateModified\":\"2024-12-11T12:56:12+00:00\",\"breadcrumb\":{\"@id\":\"https:\/\/ramonsantafe.es\/en\/proteccion-de-datos\/#breadcrumb\"},\"inLanguage\":\"en-US\",\"potentialAction\":[{\"@type\":\"ReadAction\",\"target\":[\"https:\/\/ramonsantafe.es\/en\/proteccion-de-datos\/\"]}]},{\"@type\":\"BreadcrumbList\",\"@id\":\"https:\/\/ramonsantafe.es\/en\/proteccion-de-datos\/#breadcrumb\",\"itemListElement\":[{\"@type\":\"ListItem\",\"position\":1,\"name\":\"Home\",\"item\":\"https:\/\/ramonsantafe.es\/en\/\"},{\"@type\":\"ListItem\",\"position\":2,\"name\":\"PROTECCI\u00d3N DE DATOS\"}]},{\"@type\":\"WebSite\",\"@id\":\"https:\/\/ramonsantafe.es\/#website\",\"url\":\"https:\/\/ramonsantafe.es\/\",\"name\":\"Gestor\u00eda Ram\u00f3n Santaf\u00e9 S.L.\",\"description\":\"Gestor\u00eda Ram\u00f3n Santaf\u00e9 S.L.\",\"publisher\":{\"@id\":\"https:\/\/ramonsantafe.es\/#organization\"},\"potentialAction\":[{\"@type\":\"SearchAction\",\"target\":{\"@type\":\"EntryPoint\",\"urlTemplate\":\"https:\/\/ramonsantafe.es\/?s={search_term_string}\"},\"query-input\":\"required name=search_term_string\"}],\"inLanguage\":\"en-US\"},{\"@type\":\"Organization\",\"@id\":\"https:\/\/ramonsantafe.es\/#organization\",\"name\":\"Gestor\u00eda Ram\u00f3n Santaf\u00e9 S.L.\",\"url\":\"https:\/\/ramonsantafe.es\/\",\"logo\":{\"@type\":\"ImageObject\",\"inLanguage\":\"en-US\",\"@id\":\"https:\/\/ramonsantafe.es\/#\/schema\/logo\/image\/\",\"url\":\"https:\/\/ramonsantafe.es\/wp-content\/uploads\/2024\/12\/cropped-cropped-Gestoria-Ramon-Santafe-WEB-2.png\",\"contentUrl\":\"https:\/\/ramonsantafe.es\/wp-content\/uploads\/2024\/12\/cropped-cropped-Gestoria-Ramon-Santafe-WEB-2.png\",\"width\":1355,\"height\":733,\"caption\":\"Gestor\u00eda Ram\u00f3n Santaf\u00e9 S.L.\"},\"image\":{\"@id\":\"https:\/\/ramonsantafe.es\/#\/schema\/logo\/image\/\"}}]}<\/script>\n<!-- \/ Yoast SEO plugin. -->","yoast_head_json":{"title":"PROTECCI\u00d3N DE DATOS - Gestor\u00eda Ram\u00f3n Santaf\u00e9 S.L.","robots":{"index":"index","follow":"follow","max-snippet":"max-snippet:-1","max-image-preview":"max-image-preview:large","max-video-preview":"max-video-preview:-1"},"canonical":"https:\/\/ramonsantafe.es\/en\/proteccion-de-datos\/","og_locale":"en_US","og_type":"article","og_title":"PROTECCI\u00d3N DE DATOS - Gestor\u00eda Ram\u00f3n Santaf\u00e9 S.L.","og_description":"RESPONSABLE GESTOR\u00cdA RAM\u00d3N SANTAF\u00c9, S.L. FINALIDAD Mantenimiento de la relaci\u00f3n contractual con usted para la prestaci\u00f3n de nuestro servicio de estudio, tramitaci\u00f3n y presentaci\u00f3n de su declaraci\u00f3n de renta ante la AEAT. LEGITIMACI\u00d3N Ejecuci\u00f3n de un contrato. DESTINATARIOS Se ceder\u00e1n los datos a la Agencia Estatal de Administraci\u00f3n Tributaria, Bancos y Cajas y otras Administraciones [&hellip;]","og_url":"https:\/\/ramonsantafe.es\/en\/proteccion-de-datos\/","og_site_name":"Gestor\u00eda Ram\u00f3n Santaf\u00e9 S.L.","article_modified_time":"2024-12-11T12:56:12+00:00","twitter_card":"summary_large_image","twitter_misc":{"Est. reading time":"5 minutes"},"schema":{"@context":"https:\/\/schema.org","@graph":[{"@type":"WebPage","@id":"https:\/\/ramonsantafe.es\/en\/proteccion-de-datos\/","url":"https:\/\/ramonsantafe.es\/en\/proteccion-de-datos\/","name":"PROTECCI\u00d3N DE DATOS - Gestor\u00eda Ram\u00f3n Santaf\u00e9 S.L.","isPartOf":{"@id":"https:\/\/ramonsantafe.es\/#website"},"datePublished":"2022-05-25T14:34:58+00:00","dateModified":"2024-12-11T12:56:12+00:00","breadcrumb":{"@id":"https:\/\/ramonsantafe.es\/en\/proteccion-de-datos\/#breadcrumb"},"inLanguage":"en-US","potentialAction":[{"@type":"ReadAction","target":["https:\/\/ramonsantafe.es\/en\/proteccion-de-datos\/"]}]},{"@type":"BreadcrumbList","@id":"https:\/\/ramonsantafe.es\/en\/proteccion-de-datos\/#breadcrumb","itemListElement":[{"@type":"ListItem","position":1,"name":"Home","item":"https:\/\/ramonsantafe.es\/en\/"},{"@type":"ListItem","position":2,"name":"PROTECCI\u00d3N DE DATOS"}]},{"@type":"WebSite","@id":"https:\/\/ramonsantafe.es\/#website","url":"https:\/\/ramonsantafe.es\/","name":"Gestor\u00eda Ram\u00f3n Santaf\u00e9 S.L.","description":"Gestor\u00eda Ram\u00f3n Santaf\u00e9 S.L.","publisher":{"@id":"https:\/\/ramonsantafe.es\/#organization"},"potentialAction":[{"@type":"SearchAction","target":{"@type":"EntryPoint","urlTemplate":"https:\/\/ramonsantafe.es\/?s={search_term_string}"},"query-input":"required name=search_term_string"}],"inLanguage":"en-US"},{"@type":"Organization","@id":"https:\/\/ramonsantafe.es\/#organization","name":"Gestor\u00eda Ram\u00f3n Santaf\u00e9 S.L.","url":"https:\/\/ramonsantafe.es\/","logo":{"@type":"ImageObject","inLanguage":"en-US","@id":"https:\/\/ramonsantafe.es\/#\/schema\/logo\/image\/","url":"https:\/\/ramonsantafe.es\/wp-content\/uploads\/2024\/12\/cropped-cropped-Gestoria-Ramon-Santafe-WEB-2.png","contentUrl":"https:\/\/ramonsantafe.es\/wp-content\/uploads\/2024\/12\/cropped-cropped-Gestoria-Ramon-Santafe-WEB-2.png","width":1355,"height":733,"caption":"Gestor\u00eda Ram\u00f3n Santaf\u00e9 S.L."},"image":{"@id":"https:\/\/ramonsantafe.es\/#\/schema\/logo\/image\/"}}]}},"_links":{"self":[{"href":"https:\/\/ramonsantafe.es\/en\/wp-json\/wp\/v2\/pages\/1853"}],"collection":[{"href":"https:\/\/ramonsantafe.es\/en\/wp-json\/wp\/v2\/pages"}],"about":[{"href":"https:\/\/ramonsantafe.es\/en\/wp-json\/wp\/v2\/types\/page"}],"author":[{"embeddable":true,"href":"https:\/\/ramonsantafe.es\/en\/wp-json\/wp\/v2\/users\/5"}],"replies":[{"embeddable":true,"href":"https:\/\/ramonsantafe.es\/en\/wp-json\/wp\/v2\/comments?post=1853"}],"version-history":[{"count":1,"href":"https:\/\/ramonsantafe.es\/en\/wp-json\/wp\/v2\/pages\/1853\/revisions"}],"predecessor-version":[{"id":2179,"href":"https:\/\/ramonsantafe.es\/en\/wp-json\/wp\/v2\/pages\/1853\/revisions\/2179"}],"wp:attachment":[{"href":"https:\/\/ramonsantafe.es\/en\/wp-json\/wp\/v2\/media?parent=1853"}],"curies":[{"name":"wp","href":"https:\/\/api.w.org\/{rel}","templated":true}]}}