{"id":1852,"date":"2016-11-30T13:00:45","date_gmt":"2016-11-30T12:00:45","guid":{"rendered":"https:\/\/ramonsantafe.es\/privacy-policy\/"},"modified":"2024-12-11T13:52:06","modified_gmt":"2024-12-11T12:52:06","slug":"privacy-policy","status":"publish","type":"page","link":"https:\/\/ramonsantafe.es\/en\/privacy-policy\/","title":{"rendered":"Privacy Policy"},"content":{"rendered":"\t\t<div data-elementor-type=\"wp-post\" data-elementor-id=\"1852\" class=\"elementor elementor-1852 elementor-282\">\n\t\t\t\t\t\t<div class=\"elementor-inner\">\n\t\t\t\t<div class=\"elementor-section-wrap\">\n\t\t\t\t\t\t\t\t\t<section class=\"elementor-section elementor-top-section elementor-element elementor-element-8df2b91 elementor-section-stretched elementor-section-full_width elementor-section-height-default elementor-section-height-default\" data-id=\"8df2b91\" data-element_type=\"section\" data-settings=\"{&quot;stretch_section&quot;:&quot;section-stretched&quot;}\">\n\t\t\t\t\t\t<div class=\"elementor-container elementor-column-gap-no\">\n\t\t\t\t\t\t\t<div class=\"elementor-row\">\n\t\t\t\t\t<div class=\"elementor-column elementor-col-100 elementor-top-column elementor-element elementor-element-4cc0517\" data-id=\"4cc0517\" data-element_type=\"column\">\n\t\t\t<div class=\"elementor-column-wrap elementor-element-populated\">\n\t\t\t\t\t\t\t<div class=\"elementor-widget-wrap\">\n\t\t\t\t\t\t<div class=\"elementor-element elementor-element-4cc7802 elementor-widget elementor-widget-image\" data-id=\"4cc7802\" data-element_type=\"widget\" data-widget_type=\"image.default\">\n\t\t\t\t<div class=\"elementor-widget-container\">\n\t\t\t\t\t\t\t\t<div class=\"elementor-image\">\n\t\t\t\t\t\t\t\t\t\t\t\t<img decoding=\"async\" width=\"1920\" height=\"400\" src=\"https:\/\/ramonsantafe.es\/wp-content\/uploads\/2019\/01\/politykap.jpg\" class=\"attachment-full size-full wp-image-1377\" alt=\"\" loading=\"lazy\" srcset=\"https:\/\/ramonsantafe.es\/wp-content\/uploads\/2019\/01\/politykap.jpg 1920w, https:\/\/ramonsantafe.es\/wp-content\/uploads\/2019\/01\/politykap-300x63.jpg 300w, https:\/\/ramonsantafe.es\/wp-content\/uploads\/2019\/01\/politykap-768x160.jpg 768w, https:\/\/ramonsantafe.es\/wp-content\/uploads\/2019\/01\/politykap-1024x213.jpg 1024w, https:\/\/ramonsantafe.es\/wp-content\/uploads\/2019\/01\/politykap-24x5.jpg 24w, https:\/\/ramonsantafe.es\/wp-content\/uploads\/2019\/01\/politykap-36x8.jpg 36w, https:\/\/ramonsantafe.es\/wp-content\/uploads\/2019\/01\/politykap-48x10.jpg 48w\" sizes=\"(max-width: 1920px) 100vw, 1920px\" \/>\t\t\t\t\t\t\t\t\t\t\t\t\t\t<\/div>\n\t\t\t\t\t\t<\/div>\n\t\t\t\t<\/div>\n\t\t\t\t<div class=\"elementor-element elementor-element-52e780c elementor-widget elementor-widget-spacer\" data-id=\"52e780c\" data-element_type=\"widget\" data-widget_type=\"spacer.default\">\n\t\t\t\t<div class=\"elementor-widget-container\">\n\t\t\t\t\t<div class=\"elementor-spacer\">\n\t\t\t<div class=\"elementor-spacer-inner\"><\/div>\n\t\t<\/div>\n\t\t\t\t<\/div>\n\t\t\t\t<\/div>\n\t\t\t\t\t\t<\/div>\n\t\t\t\t\t<\/div>\n\t\t<\/div>\n\t\t\t\t\t\t\t\t<\/div>\n\t\t\t\t\t<\/div>\n\t\t<\/section>\n\t\t\t\t<section class=\"elementor-section elementor-top-section elementor-element elementor-element-5c909753 elementor-section-boxed elementor-section-height-default elementor-section-height-default\" data-id=\"5c909753\" data-element_type=\"section\">\n\t\t\t\t\t\t<div class=\"elementor-container elementor-column-gap-default\">\n\t\t\t\t\t\t\t<div class=\"elementor-row\">\n\t\t\t\t\t<div class=\"elementor-column elementor-col-100 elementor-top-column elementor-element elementor-element-5df16721\" data-id=\"5df16721\" data-element_type=\"column\">\n\t\t\t<div class=\"elementor-column-wrap elementor-element-populated\">\n\t\t\t\t\t\t\t<div class=\"elementor-widget-wrap\">\n\t\t\t\t\t\t<div class=\"elementor-element elementor-element-6502537e elementor-widget elementor-widget-text-editor\" data-id=\"6502537e\" data-element_type=\"widget\" data-widget_type=\"text-editor.default\">\n\t\t\t\t<div class=\"elementor-widget-container\">\n\t\t\t\t\t\t\t\t<div class=\"elementor-text-editor elementor-clearfix\">\n\t\t\t\t<p style=\"text-align: justify;\">De conformidad con la normativa de la Ley 15\/1999, le informamos que los datos obtenidos a trav\u00e9s del formulario se incluir\u00e1n autom\u00e1ticamente en la base de datos de <strong>Gestor\u00eda Ram\u00f3n Santaf\u00e9, S.L.<\/strong>\u00a0y ser\u00e1n utilizados para contestar o facilitar la informaci\u00f3n a la que se refiere su consulta. En cualquier momento puede ejercer su derecho de acceso, rectificaci\u00f3n o cancelaci\u00f3n de sus datos remitiendo la oportuna recomendaci\u00f3n por escrito a nuestra direcci\u00f3n de oficinas: Avda. 9 de Octubre 148 Bajo-dcha, 46520- Puerto Sagunto (Valencia).<\/p><p style=\"text-align: justify;\">\u00bfCu\u00e1les son sus derechos cuando nos facilita sus datos?<\/p><p style=\"text-align: justify;\">El interesado tiene derecho a obtener confirmaci\u00f3n sobre si en GESTOR\u00cdA RAM\u00d3N SANTAF\u00c9, S.L. trata datos personales que le conciernen.<\/p><p style=\"text-align: justify;\">El interesado tiene derecho a acceder a sus datos personales, as\u00ed como a solicitar la rectificaci\u00f3n de los datos inexactos o, en su caso, solicitar su supresi\u00f3n cuando, entre otros motivos, los datos ya no sean necesarios para los fines que fueron recogidos.<\/p><p style=\"text-align: justify;\">El interesado podr\u00e1 solicitar la limitaci\u00f3n del tratamiento de sus datos; en este caso \u00fanicamente los conservaremos para el ejercicio o la defensa de reclamaciones.<\/p><p style=\"text-align: justify;\">Asimismo, en determinadas circunstancias y por motivos relacionados con su situaci\u00f3n particular, los interesados \u200b\u200bpodr\u00e1n oponerse al tratamiento de sus datos, as\u00ed como retirar su consentimiento al tratamiento. GESTOR\u00cdA RAM\u00d3N SANTAF\u00c9, S.L. dejar\u00e1 de tratarlos salvo por motivos imperiosos y leg\u00edtimos o para hacer valer o defender posibles reclamaciones.<\/p><p style=\"text-align: justify;\">El interesado tiene derecho a recibir los datos personales que le incumban que nos haya facilitado en un formato estructurado, de uso com\u00fan y lectura mec\u00e1nica, y a transmitirlos a otro responsable del tratamiento, sin que lo impida el responsable al que se los hubiera facilitado.<\/p><p style=\"text-align: justify;\">Para ejercitar estos derechos, puede enviar un escrito de solicitud a la siguiente direcci\u00f3n: AV\/ 9 DE OCTUBRE, 148 BAJO-DCHA, PUERTO DE SAGUNTO (VALENCIA) o a la siguiente direcci\u00f3n de correo electr\u00f3nico: RGPD@RAMONSANTAFE.ES, y nos pondremos en contacto con usted para informarle de los pasos a seguir para ejercer su derecho a la protecci\u00f3n de datos. Asimismo, le informamos de que puede presentar una reclamaci\u00f3n ante la Agencia Espa\u00f1ola de Protecci\u00f3n de Datos, especialmente si no obtiene satisfacci\u00f3n en el ejercicio de sus derechos.<\/p><p style=\"text-align: justify;\">Datos de contacto de la Agencia Espa\u00f1ola de Protecci\u00f3n de Datos:<br \/><span style=\"color: var( --e-global-color-text ); font-family: var( --e-global-typography-text-font-family ), Sans-serif; font-weight: var( --e-global-typography-text-font-weight );\">Direcci\u00f3n: C\/ JORGE JUAN, 6, 28001 (MADRID)<br \/><\/span><span style=\"color: var( --e-global-color-text ); font-family: var( --e-global-typography-text-font-family ), Sans-serif; font-weight: var( --e-global-typography-text-font-weight );\">Tel\u00e9fonos de contacto: 901 100 099 &#8211; 912 663 517<br \/><\/span><span style=\"color: var( --e-global-color-text ); font-family: var( --e-global-typography-text-font-family ), Sans-serif; font-weight: var( --e-global-typography-text-font-weight );\">Web: www.aepd.es<\/span><\/p><p style=\"text-align: justify;\">Salvo que nos indique lo contrario, entenderemos que no ha realizado ninguna modificaci\u00f3n en los datos que nos ha facilitado. Al hacerlo, usted se compromete a notificarnos cualquier modificaci\u00f3n de sus datos y consiente a que <strong>Gestor\u00eda Ram\u00f3n Santaf\u00e9, S.L.<\/strong>\u00a0utilice los datos facilitados para actividades relacionadas con la prestaci\u00f3n de los servicios contratados entre ambas partes.<\/p><p>Al enviarnos sus datos, usted <span style=\"text-decoration: underline;\">acepta esta cl\u00e1usula.<\/span><\/p>\t\t\t\t\t<\/div>\n\t\t\t\t\t\t<\/div>\n\t\t\t\t<\/div>\n\t\t\t\t\t\t<\/div>\n\t\t\t\t\t<\/div>\n\t\t<\/div>\n\t\t\t\t\t\t\t\t<\/div>\n\t\t\t\t\t<\/div>\n\t\t<\/section>\n\t\t\t\t\t\t\t\t\t<\/div>\n\t\t\t<\/div>\n\t\t\t\t\t<\/div>\n\t\t","protected":false},"excerpt":{"rendered":"<p>De conformidad con la normativa de la Ley 15\/1999, le informamos que los datos obtenidos a trav\u00e9s del formulario se incluir\u00e1n autom\u00e1ticamente en la base de datos de Gestor\u00eda Ram\u00f3n Santaf\u00e9, S.L.\u00a0y ser\u00e1n utilizados para contestar o facilitar la informaci\u00f3n a la que se refiere su consulta. En cualquier momento puede ejercer su derecho de [&hellip;]<\/p>\n","protected":false},"author":5,"featured_media":0,"parent":0,"menu_order":0,"comment_status":"closed","ping_status":"closed","template":"","meta":[],"yoast_head":"<!-- This site is optimized with the Yoast SEO plugin v20.5 - https:\/\/yoast.com\/wordpress\/plugins\/seo\/ -->\n<title>Privacy Policy - Gestor\u00eda Ram\u00f3n Santaf\u00e9 S.L.<\/title>\n<meta name=\"description\" content=\"Biuro ksi\u0119gowe w Hiszpanii: Doradztwo podatkowe, zak\u0142adanie firm, rejestracja sp\u00f3\u0142ek, p\u0142atno\u015b\u0107 VAT w Hiszpanii, us\u0142ugi ksi\u0119gowe, podatek dochodowy, REA\" \/>\n<meta name=\"robots\" content=\"index, follow, max-snippet:-1, max-image-preview:large, max-video-preview:-1\" \/>\n<link rel=\"canonical\" href=\"https:\/\/ramonsantafe.es\/en\/privacy-policy\/\" \/>\n<meta property=\"og:locale\" content=\"en_US\" \/>\n<meta property=\"og:type\" content=\"article\" \/>\n<meta property=\"og:title\" content=\"Privacy Policy - Gestor\u00eda Ram\u00f3n Santaf\u00e9 S.L.\" \/>\n<meta property=\"og:description\" content=\"Biuro ksi\u0119gowe w Hiszpanii: Doradztwo podatkowe, zak\u0142adanie firm, rejestracja sp\u00f3\u0142ek, p\u0142atno\u015b\u0107 VAT w Hiszpanii, us\u0142ugi ksi\u0119gowe, podatek dochodowy, REA\" \/>\n<meta property=\"og:url\" content=\"https:\/\/ramonsantafe.es\/en\/privacy-policy\/\" \/>\n<meta property=\"og:site_name\" content=\"Gestor\u00eda Ram\u00f3n Santaf\u00e9 S.L.\" \/>\n<meta property=\"article:modified_time\" content=\"2024-12-11T12:52:06+00:00\" \/>\n<meta property=\"og:image\" content=\"https:\/\/ramonsantafe.es\/wp-content\/uploads\/2019\/01\/politykap.jpg\" \/>\n<meta name=\"twitter:card\" content=\"summary_large_image\" \/>\n<meta name=\"twitter:label1\" content=\"Est. reading time\" \/>\n\t<meta name=\"twitter:data1\" content=\"3 minutes\" \/>\n<script type=\"application\/ld+json\" class=\"yoast-schema-graph\">{\"@context\":\"https:\/\/schema.org\",\"@graph\":[{\"@type\":\"WebPage\",\"@id\":\"https:\/\/ramonsantafe.es\/en\/privacy-policy\/\",\"url\":\"https:\/\/ramonsantafe.es\/en\/privacy-policy\/\",\"name\":\"Privacy Policy - Gestor\u00eda Ram\u00f3n Santaf\u00e9 S.L.\",\"isPartOf\":{\"@id\":\"https:\/\/ramonsantafe.es\/#website\"},\"datePublished\":\"2016-11-30T12:00:45+00:00\",\"dateModified\":\"2024-12-11T12:52:06+00:00\",\"description\":\"Biuro ksi\u0119gowe w Hiszpanii: Doradztwo podatkowe, zak\u0142adanie firm, rejestracja sp\u00f3\u0142ek, p\u0142atno\u015b\u0107 VAT w Hiszpanii, us\u0142ugi ksi\u0119gowe, podatek dochodowy, REA\",\"breadcrumb\":{\"@id\":\"https:\/\/ramonsantafe.es\/en\/privacy-policy\/#breadcrumb\"},\"inLanguage\":\"en-US\",\"potentialAction\":[{\"@type\":\"ReadAction\",\"target\":[\"https:\/\/ramonsantafe.es\/en\/privacy-policy\/\"]}]},{\"@type\":\"BreadcrumbList\",\"@id\":\"https:\/\/ramonsantafe.es\/en\/privacy-policy\/#breadcrumb\",\"itemListElement\":[{\"@type\":\"ListItem\",\"position\":1,\"name\":\"Home\",\"item\":\"https:\/\/ramonsantafe.es\/en\/\"},{\"@type\":\"ListItem\",\"position\":2,\"name\":\"Privacy Policy\"}]},{\"@type\":\"WebSite\",\"@id\":\"https:\/\/ramonsantafe.es\/#website\",\"url\":\"https:\/\/ramonsantafe.es\/\",\"name\":\"Gestor\u00eda Ram\u00f3n Santaf\u00e9 S.L.\",\"description\":\"Gestor\u00eda Ram\u00f3n Santaf\u00e9 S.L.\",\"publisher\":{\"@id\":\"https:\/\/ramonsantafe.es\/#organization\"},\"potentialAction\":[{\"@type\":\"SearchAction\",\"target\":{\"@type\":\"EntryPoint\",\"urlTemplate\":\"https:\/\/ramonsantafe.es\/?s={search_term_string}\"},\"query-input\":\"required name=search_term_string\"}],\"inLanguage\":\"en-US\"},{\"@type\":\"Organization\",\"@id\":\"https:\/\/ramonsantafe.es\/#organization\",\"name\":\"Gestor\u00eda Ram\u00f3n Santaf\u00e9 S.L.\",\"url\":\"https:\/\/ramonsantafe.es\/\",\"logo\":{\"@type\":\"ImageObject\",\"inLanguage\":\"en-US\",\"@id\":\"https:\/\/ramonsantafe.es\/#\/schema\/logo\/image\/\",\"url\":\"https:\/\/ramonsantafe.es\/wp-content\/uploads\/2024\/12\/cropped-cropped-Gestoria-Ramon-Santafe-WEB-2.png\",\"contentUrl\":\"https:\/\/ramonsantafe.es\/wp-content\/uploads\/2024\/12\/cropped-cropped-Gestoria-Ramon-Santafe-WEB-2.png\",\"width\":1355,\"height\":733,\"caption\":\"Gestor\u00eda Ram\u00f3n Santaf\u00e9 S.L.\"},\"image\":{\"@id\":\"https:\/\/ramonsantafe.es\/#\/schema\/logo\/image\/\"}}]}<\/script>\n<!-- \/ Yoast SEO plugin. -->","yoast_head_json":{"title":"Privacy Policy - Gestor\u00eda Ram\u00f3n Santaf\u00e9 S.L.","description":"Biuro ksi\u0119gowe w Hiszpanii: Doradztwo podatkowe, zak\u0142adanie firm, rejestracja sp\u00f3\u0142ek, p\u0142atno\u015b\u0107 VAT w Hiszpanii, us\u0142ugi ksi\u0119gowe, podatek dochodowy, REA","robots":{"index":"index","follow":"follow","max-snippet":"max-snippet:-1","max-image-preview":"max-image-preview:large","max-video-preview":"max-video-preview:-1"},"canonical":"https:\/\/ramonsantafe.es\/en\/privacy-policy\/","og_locale":"en_US","og_type":"article","og_title":"Privacy Policy - Gestor\u00eda Ram\u00f3n Santaf\u00e9 S.L.","og_description":"Biuro ksi\u0119gowe w Hiszpanii: Doradztwo podatkowe, zak\u0142adanie firm, rejestracja sp\u00f3\u0142ek, p\u0142atno\u015b\u0107 VAT w Hiszpanii, us\u0142ugi ksi\u0119gowe, podatek dochodowy, REA","og_url":"https:\/\/ramonsantafe.es\/en\/privacy-policy\/","og_site_name":"Gestor\u00eda Ram\u00f3n Santaf\u00e9 S.L.","article_modified_time":"2024-12-11T12:52:06+00:00","og_image":[{"url":"https:\/\/ramonsantafe.es\/wp-content\/uploads\/2019\/01\/politykap.jpg"}],"twitter_card":"summary_large_image","twitter_misc":{"Est. reading time":"3 minutes"},"schema":{"@context":"https:\/\/schema.org","@graph":[{"@type":"WebPage","@id":"https:\/\/ramonsantafe.es\/en\/privacy-policy\/","url":"https:\/\/ramonsantafe.es\/en\/privacy-policy\/","name":"Privacy Policy - Gestor\u00eda Ram\u00f3n Santaf\u00e9 S.L.","isPartOf":{"@id":"https:\/\/ramonsantafe.es\/#website"},"datePublished":"2016-11-30T12:00:45+00:00","dateModified":"2024-12-11T12:52:06+00:00","description":"Biuro ksi\u0119gowe w Hiszpanii: Doradztwo podatkowe, zak\u0142adanie firm, rejestracja sp\u00f3\u0142ek, p\u0142atno\u015b\u0107 VAT w Hiszpanii, us\u0142ugi ksi\u0119gowe, podatek dochodowy, REA","breadcrumb":{"@id":"https:\/\/ramonsantafe.es\/en\/privacy-policy\/#breadcrumb"},"inLanguage":"en-US","potentialAction":[{"@type":"ReadAction","target":["https:\/\/ramonsantafe.es\/en\/privacy-policy\/"]}]},{"@type":"BreadcrumbList","@id":"https:\/\/ramonsantafe.es\/en\/privacy-policy\/#breadcrumb","itemListElement":[{"@type":"ListItem","position":1,"name":"Home","item":"https:\/\/ramonsantafe.es\/en\/"},{"@type":"ListItem","position":2,"name":"Privacy Policy"}]},{"@type":"WebSite","@id":"https:\/\/ramonsantafe.es\/#website","url":"https:\/\/ramonsantafe.es\/","name":"Gestor\u00eda Ram\u00f3n Santaf\u00e9 S.L.","description":"Gestor\u00eda Ram\u00f3n Santaf\u00e9 S.L.","publisher":{"@id":"https:\/\/ramonsantafe.es\/#organization"},"potentialAction":[{"@type":"SearchAction","target":{"@type":"EntryPoint","urlTemplate":"https:\/\/ramonsantafe.es\/?s={search_term_string}"},"query-input":"required name=search_term_string"}],"inLanguage":"en-US"},{"@type":"Organization","@id":"https:\/\/ramonsantafe.es\/#organization","name":"Gestor\u00eda Ram\u00f3n Santaf\u00e9 S.L.","url":"https:\/\/ramonsantafe.es\/","logo":{"@type":"ImageObject","inLanguage":"en-US","@id":"https:\/\/ramonsantafe.es\/#\/schema\/logo\/image\/","url":"https:\/\/ramonsantafe.es\/wp-content\/uploads\/2024\/12\/cropped-cropped-Gestoria-Ramon-Santafe-WEB-2.png","contentUrl":"https:\/\/ramonsantafe.es\/wp-content\/uploads\/2024\/12\/cropped-cropped-Gestoria-Ramon-Santafe-WEB-2.png","width":1355,"height":733,"caption":"Gestor\u00eda Ram\u00f3n Santaf\u00e9 S.L."},"image":{"@id":"https:\/\/ramonsantafe.es\/#\/schema\/logo\/image\/"}}]}},"_links":{"self":[{"href":"https:\/\/ramonsantafe.es\/en\/wp-json\/wp\/v2\/pages\/1852"}],"collection":[{"href":"https:\/\/ramonsantafe.es\/en\/wp-json\/wp\/v2\/pages"}],"about":[{"href":"https:\/\/ramonsantafe.es\/en\/wp-json\/wp\/v2\/types\/page"}],"author":[{"embeddable":true,"href":"https:\/\/ramonsantafe.es\/en\/wp-json\/wp\/v2\/users\/5"}],"replies":[{"embeddable":true,"href":"https:\/\/ramonsantafe.es\/en\/wp-json\/wp\/v2\/comments?post=1852"}],"version-history":[{"count":5,"href":"https:\/\/ramonsantafe.es\/en\/wp-json\/wp\/v2\/pages\/1852\/revisions"}],"predecessor-version":[{"id":2174,"href":"https:\/\/ramonsantafe.es\/en\/wp-json\/wp\/v2\/pages\/1852\/revisions\/2174"}],"wp:attachment":[{"href":"https:\/\/ramonsantafe.es\/en\/wp-json\/wp\/v2\/media?parent=1852"}],"curies":[{"name":"wp","href":"https:\/\/api.w.org\/{rel}","templated":true}]}}