{"id":1830,"date":"2016-11-21T18:53:08","date_gmt":"2016-11-21T17:53:08","guid":{"rendered":"https:\/\/ramonsantafe.es\/about-us\/"},"modified":"2025-03-25T09:52:12","modified_gmt":"2025-03-25T08:52:12","slug":"nosotros","status":"publish","type":"page","link":"https:\/\/ramonsantafe.es\/en\/nosotros\/","title":{"rendered":"Us"},"content":{"rendered":"\t\t<div data-elementor-type=\"wp-post\" data-elementor-id=\"1830\" class=\"elementor elementor-1830 elementor-47\">\n\t\t\t\t\t\t<div class=\"elementor-inner\">\n\t\t\t\t<div class=\"elementor-section-wrap\">\n\t\t\t\t\t\t\t\t\t<section class=\"elementor-section elementor-top-section elementor-element elementor-element-cffb37e elementor-section-stretched elementor-section-full_width elementor-section-height-default elementor-section-height-default\" data-id=\"cffb37e\" data-element_type=\"section\" data-settings=\"{&quot;stretch_section&quot;:&quot;section-stretched&quot;}\">\n\t\t\t\t\t\t<div class=\"elementor-container elementor-column-gap-no\">\n\t\t\t\t\t\t\t<div class=\"elementor-row\">\n\t\t\t\t\t<div class=\"elementor-column elementor-col-100 elementor-top-column elementor-element elementor-element-19d681f\" data-id=\"19d681f\" data-element_type=\"column\">\n\t\t\t<div class=\"elementor-column-wrap elementor-element-populated\">\n\t\t\t\t\t\t\t<div class=\"elementor-widget-wrap\">\n\t\t\t\t\t\t<div class=\"elementor-element elementor-element-b153205 elementor-widget elementor-widget-image\" data-id=\"b153205\" data-element_type=\"widget\" data-widget_type=\"image.default\">\n\t\t\t\t<div class=\"elementor-widget-container\">\n\t\t\t\t\t\t\t\t<div class=\"elementor-image\">\n\t\t\t\t\t\t\t\t\t\t\t\t<img decoding=\"async\" width=\"1920\" height=\"400\" src=\"https:\/\/ramonsantafe.es\/wp-content\/uploads\/2019\/01\/biuro.jpg\" class=\"attachment-full size-full wp-image-1376\" alt=\"\" loading=\"lazy\" srcset=\"https:\/\/ramonsantafe.es\/wp-content\/uploads\/2019\/01\/biuro.jpg 1920w, https:\/\/ramonsantafe.es\/wp-content\/uploads\/2019\/01\/biuro-300x63.jpg 300w, https:\/\/ramonsantafe.es\/wp-content\/uploads\/2019\/01\/biuro-768x160.jpg 768w, https:\/\/ramonsantafe.es\/wp-content\/uploads\/2019\/01\/biuro-1024x213.jpg 1024w, https:\/\/ramonsantafe.es\/wp-content\/uploads\/2019\/01\/biuro-24x5.jpg 24w, https:\/\/ramonsantafe.es\/wp-content\/uploads\/2019\/01\/biuro-36x8.jpg 36w, https:\/\/ramonsantafe.es\/wp-content\/uploads\/2019\/01\/biuro-48x10.jpg 48w\" sizes=\"(max-width: 1920px) 100vw, 1920px\" \/>\t\t\t\t\t\t\t\t\t\t\t\t\t\t<\/div>\n\t\t\t\t\t\t<\/div>\n\t\t\t\t<\/div>\n\t\t\t\t<div class=\"elementor-element elementor-element-cf75e70 elementor-widget elementor-widget-spacer\" data-id=\"cf75e70\" data-element_type=\"widget\" data-widget_type=\"spacer.default\">\n\t\t\t\t<div class=\"elementor-widget-container\">\n\t\t\t\t\t<div class=\"elementor-spacer\">\n\t\t\t<div class=\"elementor-spacer-inner\"><\/div>\n\t\t<\/div>\n\t\t\t\t<\/div>\n\t\t\t\t<\/div>\n\t\t\t\t<div class=\"elementor-element elementor-element-85ef904 premium-header-inline elementor-widget elementor-widget-premium-addon-dual-header\" data-id=\"85ef904\" data-element_type=\"widget\" data-widget_type=\"premium-addon-dual-header.default\">\n\t\t\t\t<div class=\"elementor-widget-container\">\n\t\t\t\r\n\t\t\t\t\t<h1 class=\"premium-dual-header-first-header \"><span class=\"premium-dual-header-first-span\">We offer our advisory services to businesses <\/span><span class=\"premium-dual-header-second-header \">Since 1996<\/span><\/h1> \t\t\r\n\t\t\t\t<\/div>\n\t\t\t\t<\/div>\n\t\t\t\t<section class=\"elementor-section elementor-inner-section elementor-element elementor-element-2d73543 elementor-section-boxed elementor-section-height-default elementor-section-height-default\" data-id=\"2d73543\" data-element_type=\"section\">\n\t\t\t\t\t\t<div class=\"elementor-container elementor-column-gap-default\">\n\t\t\t\t\t\t\t<div class=\"elementor-row\">\n\t\t\t\t\t<div class=\"elementor-column elementor-col-50 elementor-inner-column elementor-element elementor-element-5a933d0\" data-id=\"5a933d0\" data-element_type=\"column\">\n\t\t\t<div class=\"elementor-column-wrap elementor-element-populated\">\n\t\t\t\t\t\t\t<div class=\"elementor-widget-wrap\">\n\t\t\t\t\t\t<div class=\"elementor-element elementor-element-616cbc5 elementor-widget elementor-widget-text-editor\" data-id=\"616cbc5\" data-element_type=\"widget\" data-widget_type=\"text-editor.default\">\n\t\t\t\t<div class=\"elementor-widget-container\">\n\t\t\t\t\t\t\t\t<div class=\"elementor-text-editor elementor-clearfix\">\n\t\t\t\t<p align=\"justify\"><img decoding=\"async\" loading=\"lazy\" class=\"alignnone size-medium wp-image-2075\" src=\"https:\/\/ramonsantafe.es\/wp-content\/uploads\/2024\/12\/Logo-Gestoria-Ramon-Santafe-WEB-2-228x300.png\" alt=\"\" width=\"228\" height=\"300\" srcset=\"https:\/\/ramonsantafe.es\/wp-content\/uploads\/2024\/12\/Logo-Gestoria-Ramon-Santafe-WEB-2-228x300.png 228w, https:\/\/ramonsantafe.es\/wp-content\/uploads\/2024\/12\/Logo-Gestoria-Ramon-Santafe-WEB-2-778x1024.png 778w, https:\/\/ramonsantafe.es\/wp-content\/uploads\/2024\/12\/Logo-Gestoria-Ramon-Santafe-WEB-2-768x1010.png 768w, https:\/\/ramonsantafe.es\/wp-content\/uploads\/2024\/12\/Logo-Gestoria-Ramon-Santafe-WEB-2-1168x1536.png 1168w, https:\/\/ramonsantafe.es\/wp-content\/uploads\/2024\/12\/Logo-Gestoria-Ramon-Santafe-WEB-2-18x24.png 18w, https:\/\/ramonsantafe.es\/wp-content\/uploads\/2024\/12\/Logo-Gestoria-Ramon-Santafe-WEB-2-27x36.png 27w, https:\/\/ramonsantafe.es\/wp-content\/uploads\/2024\/12\/Logo-Gestoria-Ramon-Santafe-WEB-2-36x48.png 36w, https:\/\/ramonsantafe.es\/wp-content\/uploads\/2024\/12\/Logo-Gestoria-Ramon-Santafe-WEB-2.png 1303w\" sizes=\"(max-width: 228px) 100vw, 228px\" \/><\/p><p>Since the beginning of my professional career in 1996, my main goal has been to put into practice the knowledge acquired in the fields of tax law, human resources, and administrative management. I wanted individuals, as well as small and medium-sized businesses, to be able to develop their business activities based on professional legal and accounting services.<\/p><p>The <strong>Gestor\u00eda Ram\u00f3n Santaf\u00e9, S.L.<\/strong> (limited liability company) that I founded, dedicated to advising businesses, self-employed individuals, and individuals, is the result of 20 years of experience. It is also a summary of my entire professional career. Our team consists of experts with professional training and the support of the Occupational Committee of Administrative Managers. We have extensive experience in legal and administrative matters. Thanks to this, we can solve even the most difficult and complex problems that require in-depth knowledge of the regulations.<\/p>\t\t\t\t\t<\/div>\n\t\t\t\t\t\t<\/div>\n\t\t\t\t<\/div>\n\t\t\t\t\t\t<\/div>\n\t\t\t\t\t<\/div>\n\t\t<\/div>\n\t\t\t\t<div class=\"elementor-column elementor-col-50 elementor-inner-column elementor-element elementor-element-6300cf8\" data-id=\"6300cf8\" data-element_type=\"column\">\n\t\t\t<div class=\"elementor-column-wrap elementor-element-populated\">\n\t\t\t\t\t\t\t<div class=\"elementor-widget-wrap\">\n\t\t\t\t\t\t<div class=\"elementor-element elementor-element-febc04a elementor-widget elementor-widget-text-editor\" data-id=\"febc04a\" data-element_type=\"widget\" data-widget_type=\"text-editor.default\">\n\t\t\t\t<div class=\"elementor-widget-container\">\n\t\t\t\t\t\t\t\t<div class=\"elementor-text-editor elementor-clearfix\">\n\t\t\t\t<p>We offer services to both foreign companies that pay VAT in Spain and Spanish companies managed by foreign entrepreneurs. We understand how difficult it is to start a business in a new environment. Spanish regulations and procedures are not easy, which is why we do everything possible to familiarize our clients with the local specifics of managing a business and help them get started in a new market. We combine technology, experience, and trust in our work to ensure the highest quality of services.<\/p><p><strong>Gestor\u00eda Ram\u00f3n Santaf\u00e9 S.L.<\/strong> guides you step by step so you can comply with all legal and administrative obligations before the Spanish Administration with due diligence and professionalism. This way, you can focus on what truly matters: your clients and your business.<\/p><p>I would like to thank you for visiting our website, and I hope that we can meet soon and work together.<\/p><p>Best regards,<\/p><p><strong>M. RAM\u00d3N SANTAF\u00c9<\/strong><\/p>\t\t\t\t\t<\/div>\n\t\t\t\t\t\t<\/div>\n\t\t\t\t<\/div>\n\t\t\t\t\t\t<\/div>\n\t\t\t\t\t<\/div>\n\t\t<\/div>\n\t\t\t\t\t\t\t\t<\/div>\n\t\t\t\t\t<\/div>\n\t\t<\/section>\n\t\t\t\t\t\t<\/div>\n\t\t\t\t\t<\/div>\n\t\t<\/div>\n\t\t\t\t\t\t\t\t<\/div>\n\t\t\t\t\t<\/div>\n\t\t<\/section>\n\t\t\t\t<section class=\"elementor-section elementor-top-section elementor-element elementor-element-1fb430c7 elementor-section-boxed elementor-section-height-default elementor-section-height-default\" data-id=\"1fb430c7\" data-element_type=\"section\">\n\t\t\t\t\t\t<div class=\"elementor-container elementor-column-gap-default\">\n\t\t\t\t\t\t\t<div class=\"elementor-row\">\n\t\t\t\t\t<div class=\"elementor-column elementor-col-100 elementor-top-column elementor-element elementor-element-783b12d9\" data-id=\"783b12d9\" data-element_type=\"column\">\n\t\t\t<div class=\"elementor-column-wrap elementor-element-populated\">\n\t\t\t\t\t\t\t<div class=\"elementor-widget-wrap\">\n\t\t\t\t\t\t<div class=\"elementor-element elementor-element-6ef76495 elementor-invisible elementor-widget elementor-widget-text-editor\" data-id=\"6ef76495\" data-element_type=\"widget\" data-settings=\"{&quot;_animation&quot;:&quot;rubberBand&quot;,&quot;_animation_delay&quot;:&quot;1500&quot;}\" data-widget_type=\"text-editor.default\">\n\t\t\t\t<div class=\"elementor-widget-container\">\n\t\t\t\t\t\t\t\t<div class=\"elementor-text-editor elementor-clearfix\">\n\t\t\t\t<p><span style=\"color: #ff0000;\"><strong>* Gestor\u00eda Ram\u00f3n Santaf\u00e9, S.L.<\/strong><\/span> is a limited liability company registered in the Spanish Mercantile Register; Professional Societies Register, Volume I, Page 87. The office holds a commercial civil liability insurance policy with a coverage amount of \u20ac750,000. The founder of the firm is a legal advisor. She has higher education in Law and Business Management and holds accreditation from the Administrative Managers&#8217; Board of Valencia to practice her profession. She is an expert with extensive experience in the fields of tax law and human resources law.<\/p>\t\t\t\t\t<\/div>\n\t\t\t\t\t\t<\/div>\n\t\t\t\t<\/div>\n\t\t\t\t\t\t<\/div>\n\t\t\t\t\t<\/div>\n\t\t<\/div>\n\t\t\t\t\t\t\t\t<\/div>\n\t\t\t\t\t<\/div>\n\t\t<\/section>\n\t\t\t\t\t\t\t\t\t<\/div>\n\t\t\t<\/div>\n\t\t\t\t\t<\/div>\n\t\t","protected":false},"excerpt":{"rendered":"<p>We offer our advisory services to businesses Since 1996 Since the beginning of my professional career in 1996, my main goal has been to put into practice the knowledge acquired in the fields of tax law, human resources, and administrative management. I wanted individuals, as well as small and medium-sized businesses, to be able to [&hellip;]<\/p>\n","protected":false},"author":5,"featured_media":0,"parent":0,"menu_order":0,"comment_status":"closed","ping_status":"closed","template":"","meta":[],"yoast_head":"<!-- This site is optimized with the Yoast SEO plugin v20.5 - https:\/\/yoast.com\/wordpress\/plugins\/seo\/ -->\n<title>About Us - Gestoria Ramon Santafe<\/title>\n<meta name=\"robots\" content=\"index, follow, max-snippet:-1, max-image-preview:large, max-video-preview:-1\" \/>\n<link rel=\"canonical\" href=\"https:\/\/ramonsantafe.es\/en\/nosotros\/\" \/>\n<meta property=\"og:locale\" content=\"en_US\" \/>\n<meta property=\"og:type\" content=\"article\" \/>\n<meta property=\"og:title\" content=\"About Us - Gestoria Ramon Santafe\" \/>\n<meta property=\"og:description\" content=\"We offer our advisory services to businesses Since 1996 Since the beginning of my professional career in 1996, my main goal has been to put into practice the knowledge acquired in the fields of tax law, human resources, and administrative management. I wanted individuals, as well as small and medium-sized businesses, to be able to [&hellip;]\" \/>\n<meta property=\"og:url\" content=\"https:\/\/ramonsantafe.es\/en\/nosotros\/\" \/>\n<meta property=\"og:site_name\" content=\"Gestor\u00eda Ram\u00f3n Santaf\u00e9 S.L.\" \/>\n<meta property=\"article:modified_time\" content=\"2025-03-25T08:52:12+00:00\" \/>\n<meta property=\"og:image\" content=\"https:\/\/ramonsantafe.es\/wp-content\/uploads\/2019\/01\/biuro.jpg\" \/>\n<meta name=\"twitter:card\" content=\"summary_large_image\" \/>\n<meta name=\"twitter:label1\" content=\"Est. reading time\" \/>\n\t<meta name=\"twitter:data1\" content=\"3 minutes\" \/>\n<script type=\"application\/ld+json\" class=\"yoast-schema-graph\">{\"@context\":\"https:\/\/schema.org\",\"@graph\":[{\"@type\":\"WebPage\",\"@id\":\"https:\/\/ramonsantafe.es\/en\/nosotros\/\",\"url\":\"https:\/\/ramonsantafe.es\/en\/nosotros\/\",\"name\":\"About Us - Gestoria Ramon Santafe\",\"isPartOf\":{\"@id\":\"https:\/\/ramonsantafe.es\/#website\"},\"datePublished\":\"2016-11-21T17:53:08+00:00\",\"dateModified\":\"2025-03-25T08:52:12+00:00\",\"breadcrumb\":{\"@id\":\"https:\/\/ramonsantafe.es\/en\/nosotros\/#breadcrumb\"},\"inLanguage\":\"en-US\",\"potentialAction\":[{\"@type\":\"ReadAction\",\"target\":[\"https:\/\/ramonsantafe.es\/en\/nosotros\/\"]}]},{\"@type\":\"BreadcrumbList\",\"@id\":\"https:\/\/ramonsantafe.es\/en\/nosotros\/#breadcrumb\",\"itemListElement\":[{\"@type\":\"ListItem\",\"position\":1,\"name\":\"Home\",\"item\":\"https:\/\/ramonsantafe.es\/en\/\"},{\"@type\":\"ListItem\",\"position\":2,\"name\":\"Us\"}]},{\"@type\":\"WebSite\",\"@id\":\"https:\/\/ramonsantafe.es\/#website\",\"url\":\"https:\/\/ramonsantafe.es\/\",\"name\":\"Gestor\u00eda Ram\u00f3n Santaf\u00e9 S.L.\",\"description\":\"Gestor\u00eda Ram\u00f3n Santaf\u00e9 S.L.\",\"publisher\":{\"@id\":\"https:\/\/ramonsantafe.es\/#organization\"},\"potentialAction\":[{\"@type\":\"SearchAction\",\"target\":{\"@type\":\"EntryPoint\",\"urlTemplate\":\"https:\/\/ramonsantafe.es\/?s={search_term_string}\"},\"query-input\":\"required name=search_term_string\"}],\"inLanguage\":\"en-US\"},{\"@type\":\"Organization\",\"@id\":\"https:\/\/ramonsantafe.es\/#organization\",\"name\":\"Gestor\u00eda Ram\u00f3n Santaf\u00e9 S.L.\",\"url\":\"https:\/\/ramonsantafe.es\/\",\"logo\":{\"@type\":\"ImageObject\",\"inLanguage\":\"en-US\",\"@id\":\"https:\/\/ramonsantafe.es\/#\/schema\/logo\/image\/\",\"url\":\"https:\/\/ramonsantafe.es\/wp-content\/uploads\/2024\/12\/cropped-cropped-Gestoria-Ramon-Santafe-WEB-2.png\",\"contentUrl\":\"https:\/\/ramonsantafe.es\/wp-content\/uploads\/2024\/12\/cropped-cropped-Gestoria-Ramon-Santafe-WEB-2.png\",\"width\":1355,\"height\":733,\"caption\":\"Gestor\u00eda Ram\u00f3n Santaf\u00e9 S.L.\"},\"image\":{\"@id\":\"https:\/\/ramonsantafe.es\/#\/schema\/logo\/image\/\"}}]}<\/script>\n<!-- \/ Yoast SEO plugin. -->","yoast_head_json":{"title":"About Us - Gestoria Ramon Santafe","robots":{"index":"index","follow":"follow","max-snippet":"max-snippet:-1","max-image-preview":"max-image-preview:large","max-video-preview":"max-video-preview:-1"},"canonical":"https:\/\/ramonsantafe.es\/en\/nosotros\/","og_locale":"en_US","og_type":"article","og_title":"About Us - Gestoria Ramon Santafe","og_description":"We offer our advisory services to businesses Since 1996 Since the beginning of my professional career in 1996, my main goal has been to put into practice the knowledge acquired in the fields of tax law, human resources, and administrative management. I wanted individuals, as well as small and medium-sized businesses, to be able to [&hellip;]","og_url":"https:\/\/ramonsantafe.es\/en\/nosotros\/","og_site_name":"Gestor\u00eda Ram\u00f3n Santaf\u00e9 S.L.","article_modified_time":"2025-03-25T08:52:12+00:00","og_image":[{"url":"https:\/\/ramonsantafe.es\/wp-content\/uploads\/2019\/01\/biuro.jpg"}],"twitter_card":"summary_large_image","twitter_misc":{"Est. reading time":"3 minutes"},"schema":{"@context":"https:\/\/schema.org","@graph":[{"@type":"WebPage","@id":"https:\/\/ramonsantafe.es\/en\/nosotros\/","url":"https:\/\/ramonsantafe.es\/en\/nosotros\/","name":"About Us - Gestoria Ramon Santafe","isPartOf":{"@id":"https:\/\/ramonsantafe.es\/#website"},"datePublished":"2016-11-21T17:53:08+00:00","dateModified":"2025-03-25T08:52:12+00:00","breadcrumb":{"@id":"https:\/\/ramonsantafe.es\/en\/nosotros\/#breadcrumb"},"inLanguage":"en-US","potentialAction":[{"@type":"ReadAction","target":["https:\/\/ramonsantafe.es\/en\/nosotros\/"]}]},{"@type":"BreadcrumbList","@id":"https:\/\/ramonsantafe.es\/en\/nosotros\/#breadcrumb","itemListElement":[{"@type":"ListItem","position":1,"name":"Home","item":"https:\/\/ramonsantafe.es\/en\/"},{"@type":"ListItem","position":2,"name":"Us"}]},{"@type":"WebSite","@id":"https:\/\/ramonsantafe.es\/#website","url":"https:\/\/ramonsantafe.es\/","name":"Gestor\u00eda Ram\u00f3n Santaf\u00e9 S.L.","description":"Gestor\u00eda Ram\u00f3n Santaf\u00e9 S.L.","publisher":{"@id":"https:\/\/ramonsantafe.es\/#organization"},"potentialAction":[{"@type":"SearchAction","target":{"@type":"EntryPoint","urlTemplate":"https:\/\/ramonsantafe.es\/?s={search_term_string}"},"query-input":"required name=search_term_string"}],"inLanguage":"en-US"},{"@type":"Organization","@id":"https:\/\/ramonsantafe.es\/#organization","name":"Gestor\u00eda Ram\u00f3n Santaf\u00e9 S.L.","url":"https:\/\/ramonsantafe.es\/","logo":{"@type":"ImageObject","inLanguage":"en-US","@id":"https:\/\/ramonsantafe.es\/#\/schema\/logo\/image\/","url":"https:\/\/ramonsantafe.es\/wp-content\/uploads\/2024\/12\/cropped-cropped-Gestoria-Ramon-Santafe-WEB-2.png","contentUrl":"https:\/\/ramonsantafe.es\/wp-content\/uploads\/2024\/12\/cropped-cropped-Gestoria-Ramon-Santafe-WEB-2.png","width":1355,"height":733,"caption":"Gestor\u00eda Ram\u00f3n Santaf\u00e9 S.L."},"image":{"@id":"https:\/\/ramonsantafe.es\/#\/schema\/logo\/image\/"}}]}},"_links":{"self":[{"href":"https:\/\/ramonsantafe.es\/en\/wp-json\/wp\/v2\/pages\/1830"}],"collection":[{"href":"https:\/\/ramonsantafe.es\/en\/wp-json\/wp\/v2\/pages"}],"about":[{"href":"https:\/\/ramonsantafe.es\/en\/wp-json\/wp\/v2\/types\/page"}],"author":[{"embeddable":true,"href":"https:\/\/ramonsantafe.es\/en\/wp-json\/wp\/v2\/users\/5"}],"replies":[{"embeddable":true,"href":"https:\/\/ramonsantafe.es\/en\/wp-json\/wp\/v2\/comments?post=1830"}],"version-history":[{"count":5,"href":"https:\/\/ramonsantafe.es\/en\/wp-json\/wp\/v2\/pages\/1830\/revisions"}],"predecessor-version":[{"id":2369,"href":"https:\/\/ramonsantafe.es\/en\/wp-json\/wp\/v2\/pages\/1830\/revisions\/2369"}],"wp:attachment":[{"href":"https:\/\/ramonsantafe.es\/en\/wp-json\/wp\/v2\/media?parent=1830"}],"curies":[{"name":"wp","href":"https:\/\/api.w.org\/{rel}","templated":true}]}}